{"id":1295,"date":"2025-03-03T15:25:25","date_gmt":"2025-03-03T14:25:25","guid":{"rendered":"https:\/\/www.visitmalgrate.it\/den-see-entdecken\/"},"modified":"2025-07-17T18:49:25","modified_gmt":"2025-07-17T16:49:25","slug":"den-see-entdecken","status":"publish","type":"page","link":"https:\/\/www.visitmalgrate.it\/de\/den-see-entdecken\/","title":{"rendered":"Entdeckung des Sees"},"content":{"rendered":"<div class=\"wpb-content-wrapper\"><p>[vc_row full_width=&#8220;stretch_row_content_no_spaces&#8220; full_height=&#8220;yes&#8220; content_placement=&#8220;bottom&#8220; css=&#8220;.vc_custom_1741017424214{background-image: url(https:\/\/www.visitmalgrate.it\/wp-content\/uploads\/2025\/03\/yianni-mathioudakis-gzKf0_sVTxc-unsplash-scaled-tender.jpg?id=326) !important;background-position: center !important;background-repeat: no-repeat !important;background-size: cover !important;}&#8220;][vc_column parallax=&#8220;content-moving-fade&#8220;][vc_empty_space height=&#8220;100px&#8220;][vc_column_text css_animation=&#8220;fadeIn&#8220; css=&#8220;.vc_custom_1743597317472{margin-bottom: 0px !important;padding-top: 10px !important;padding-right: 30px !important;padding-bottom: 0px !important;padding-left: 30px !important;border-color: #000000 !important;}&#8220; el_class=&#8220;titoli_ite&#8220;]<\/p>\n<p style=\"text-align: center;\"><em><span style=\"font-family: nod; font-size: 13vw; line-height: 13vw; color: #ffffff;\">Den See<br \/>\nentdecken<\/span><\/em><\/p>\n<p>[\/vc_column_text][vc_empty_space height=&#8220;60px&#8220;][vc_row_inner][vc_column_inner width=&#8220;1\/4&#8243;][\/vc_column_inner][vc_column_inner width=&#8220;1\/2&#8243;][\/vc_column_inner][vc_column_inner width=&#8220;1\/4&#8243;][\/vc_column_inner][\/vc_row_inner][vc_empty_space height=&#8220;60px&#8220;][\/vc_column][\/vc_row][vc_row full_width=&#8220;stretch_row_content_no_spaces&#8220; css_animation=&#8220;fadeInUp&#8220; css=&#8220;.vc_custom_1741017477748{margin-top: 0px !important;margin-right: 0px !important;margin-bottom: 0px !important;margin-left: 0px !important;border-top-width: 1px !important;border-bottom-width: 1px !important;padding-top: 0px !important;padding-right: 0px !important;padding-bottom: 0px !important;padding-left: 0px !important;border-top-style: solid !important;border-bottom-style: solid !important;border-color: #000000 !important;}&#8220;][vc_column width=&#8220;1\/3&#8243;][vc_column_text css=&#8220;.vc_custom_1743586553142{padding-top: 46px !important;padding-right: 30px !important;padding-bottom: 10px !important;padding-left: 30px !important;}&#8220;]<\/p>\n<h4><span style=\"font-size: 10pt;\"><span style=\"font-family: nod;\"><span style=\"font-size: 18pt;\">Start von: <strong>Malgrate<\/strong><\/span><br \/>\n<\/span><\/span><\/h4>\n<p>[\/vc_column_text][\/vc_column][vc_column width=&#8220;1\/3&#8243; css=&#8220;.vc_custom_1741017437420{border-right-width: 1px !important;border-left-width: 1px !important;border-left-style: solid !important;border-right-style: solid !important;border-color: #000000 !important;}&#8220;][vc_column_text css=&#8220;.vc_custom_1743586557143{padding-top: 46px !important;padding-right: 30px !important;padding-bottom: 10px !important;padding-left: 30px !important;}&#8220;]<\/p>\n<h4><span style=\"font-size: 10pt;\"><span style=\"font-family: nod;\"><span style=\"font-size: 18pt;\">Zielpunkt: <strong>Varenna \u2013 Bellano \u2013 Bellagio<\/strong><\/span><br \/>\n<\/span><\/span><\/h4>\n<p>[\/vc_column_text][\/vc_column][vc_column width=&#8220;1\/3&#8243;][vc_column_text css=&#8220;.vc_custom_1743586561828{padding-top: 46px !important;padding-right: 30px !important;padding-bottom: 10px !important;padding-left: 30px !important;}&#8220;]<\/p>\n<h4><span style=\"font-size: 18pt;\"><span style=\"font-family: nod;\">Zeit: <strong>0,3 h\/Ort<\/strong><\/span><\/span><\/h4>\n<p>[\/vc_column_text][\/vc_column][\/vc_row][vc_row css_animation=&#8220;fadeIn&#8220;][vc_column][vc_empty_space height=&#8220;120px&#8220;][vc_column_text css_animation=&#8220;fadeIn&#8220; css=&#8220;.vc_custom_1750838529349{padding: 10% !important;}&#8220;]<\/p>\n<p style=\"text-align: center;\"><span style=\"font-family: nod; font-size: 18pt;\">Von Malgrate aus k\u00f6nnen Sie einige D\u00f6rfer am See erreichen, die nicht nur von internationalen Touristen besucht werden, sondern vor allem von allen Einwohnern von Lecco, weil es Orte von au\u00dfergew\u00f6hnlicher Sch\u00f6nheit sind.<\/span><\/p>\n<p>[\/vc_column_text][vc_empty_space height=&#8220;60px&#8220;][\/vc_column][\/vc_row][vc_row full_width=&#8220;stretch_row_content_no_spaces&#8220;][vc_column][vc_column_text css_animation=&#8220;fadeInUp&#8220; css=&#8220;&#8220;]<\/p>\n<p style=\"text-align: center;\"><img decoding=\"async\" class=\"aligncenter wp-image-812\" src=\"https:\/\/www.visitmalgrate.it\/wp-content\/uploads\/2025\/05\/mappa-1.svg\" alt=\"\" width=\"590\"><\/p>\n<p>[\/vc_column_text][\/vc_column][\/vc_row][vc_row full_width=&#8220;stretch_row_content&#8220; gap=&#8220;120&#8243; equal_height=&#8220;yes&#8220; content_placement=&#8220;middle&#8220; css_animation=&#8220;fadeIn&#8220; css=&#8220;.vc_custom_1743600761095{padding-top: 66px !important;padding-right: 20px !important;padding-bottom: 66px !important;padding-left: 20px !important;background-image: url(https:\/\/www.visitmalgrate.it\/wp-content\/uploads\/2025\/03\/sinistra.svg?id=277) !important;background-position: center !important;background-repeat: no-repeat !important;background-size: contain !important;}&#8220;][vc_column css_animation=&#8220;fadeInUp&#8220; width=&#8220;1\/2&#8243; css=&#8220;.vc_custom_1741010373390{margin-top: 0px !important;margin-right: 0px !important;margin-bottom: 0px !important;margin-left: 0px !important;border-top-width: 1px !important;border-right-width: 1px !important;border-bottom-width: 1px !important;border-left-width: 1px !important;padding-top: 0px !important;padding-right: 0px !important;padding-bottom: 0px !important;padding-left: 0px !important;border-left-style: solid !important;border-right-style: solid !important;border-top-style: solid !important;border-bottom-style: solid !important;border-color: #000000 !important;}&#8220;][vc_empty_space height=&#8220;40px&#8220;][vc_column_text css=&#8220;.vc_custom_1752770946966{padding-top: 10px !important;padding-right: 30px !important;padding-bottom: 10px !important;padding-left: 30px !important;}&#8220;]<span style=\"font-family: nod; font-size: 18pt;\"><strong>Bellano <\/strong>ist ein Ort voller Charme und Authentizit\u00e4t. Eingebettet zwischen den Gew\u00e4ssern des Sees und den H\u00e4ngen der Berge von Lecco, bietet es malerische Ausblicke und eine ruhige, einladende Atmosph\u00e4re. Sein historisches Zentrum bewahrt die Seele eines Fischerdorfes mit engen Gassen, alten Arkaden und romanischen Kirchen. Eines seiner bekanntesten Juwelen ist der Orrido di Bellano, eine nat\u00fcrliche Schlucht, die seit Jahrtausenden in den Felsen gemei\u00dfelt wurde, wo die Kraft des Wassers ein faszinierendes Schauspiel bietet. Bellano ist ein Ort, an dem Natur, Kultur und Tradition harmonisch zusammenleben und ein authentisches und unvergessliches Erlebnis bieten.     Wir empfehlen einen Besuch im neuen Giancarlo Vitali Museum.<\/span>[\/vc_column_text][vc_column_text css=&#8220;.vc_custom_1743521061967{padding-top: 10px !important;padding-right: 30px !important;padding-bottom: 10px !important;padding-left: 30px !important;}&#8220;]<span style=\"font-size: 8pt; font-family: monu; letter-spacing: 1px;\">START VON: <strong>MALGRATE<\/strong><br \/>\nZIELPUNKT: <strong>BELLANO<\/strong><br \/>\nZEIT: <strong>0,2 Std.<\/strong><\/span>[\/vc_column_text][vc_column_text css=&#8220;.vc_custom_1743586369251{padding-top: 10px !important;padding-right: 30px !important;padding-bottom: 10px !important;padding-left: 30px !important;}&#8220;]<a href=\"https:\/\/maps.app.goo.gl\/3DooAZXRMnrBMsXw6\" target=\"_blank\" rel=\"noopener\"><span style=\"font-family: nod;\"><span style=\"font-size: 13.3333px;\"><u>Auf der Karte anzeigen<\/u><\/span><\/span><\/a>[\/vc_column_text][vc_empty_space height=&#8220;40px&#8220;][\/vc_column][vc_column css_animation=&#8220;fadeInUp&#8220; width=&#8220;1\/2&#8243; css=&#8220;.vc_custom_1743597991000{background-image: url(https:\/\/www.visitmalgrate.it\/wp-content\/uploads\/2025\/04\/2.jpg?id=529) !important;background-position: center !important;background-repeat: no-repeat !important;background-size: cover !important;}&#8220;][\/vc_column][\/vc_row][vc_row full_width=&#8220;stretch_row_content&#8220; gap=&#8220;120&#8243; equal_height=&#8220;yes&#8220; css_animation=&#8220;fadeIn&#8220; css=&#8220;.vc_custom_1743600766683{padding-top: 66px !important;padding-right: 20px !important;padding-bottom: 66px !important;padding-left: 20px !important;background-image: url(https:\/\/www.visitmalgrate.it\/wp-content\/uploads\/2025\/03\/sinistra.svg?id=277) !important;background-position: center !important;background-repeat: no-repeat !important;background-size: contain !important;}&#8220;][vc_column css_animation=&#8220;fadeInUp&#8220; width=&#8220;1\/2&#8243; css=&#8220;.vc_custom_1743586307717{background-image: url(https:\/\/www.visitmalgrate.it\/wp-content\/uploads\/2025\/04\/varenna-alto-lago-como-hd.jpg?id=553) !important;background-position: center !important;background-repeat: no-repeat !important;background-size: cover !important;}&#8220;][\/vc_column][vc_column css_animation=&#8220;fadeInUp&#8220; width=&#8220;1\/2&#8243; css=&#8220;.vc_custom_1741010373390{margin-top: 0px !important;margin-right: 0px !important;margin-bottom: 0px !important;margin-left: 0px !important;border-top-width: 1px !important;border-right-width: 1px !important;border-bottom-width: 1px !important;border-left-width: 1px !important;padding-top: 0px !important;padding-right: 0px !important;padding-bottom: 0px !important;padding-left: 0px !important;border-left-style: solid !important;border-right-style: solid !important;border-top-style: solid !important;border-bottom-style: solid !important;border-color: #000000 !important;}&#8220;][vc_empty_space height=&#8220;60px&#8220;][vc_empty_space height=&#8220;60px&#8220;][vc_column_text css=&#8220;.vc_custom_1752770525932{padding-top: 10px !important;padding-right: 30px !important;padding-bottom: 10px !important;padding-left: 30px !important;}&#8220;]<span style=\"font-family: nod; font-size: 18pt;\"><strong>Varenna<\/strong> ist ein bezauberndes Dorf, bekannt f\u00fcr seine romantische und zeitlose Sch\u00f6nheit. Seine bunten H\u00e4uschen spiegeln sich im Wasser des Sees, w\u00e4hrend die ansteigenden Gassen zu Panoramablicken und versteckten Ecken mit diskretem Charme f\u00fchren. Beim Spaziergang entlang der \u201ePasseggiata degli Innamorati\u201c (Promenade der Verliebten) atmet man eine \u201eintime und poetische Atmosph\u00e4re, zwischen \u00fcppigen G\u00e4rten, steinernen Treppen und kleinen Anlegestellen. Zu seinen Sch\u00e4tzen geh\u00f6ren die Villa Monastero mit ihren pr\u00e4chtigen G\u00e4rten am Wasser und das Castello di Vezio, von dem aus man einen spektakul\u00e4ren Blick auf den See genie\u00dft. Varenna ist der ideale Ort f\u00fcr alle, die Sch\u00f6nheit, Ruhe und eine tiefe Verbindung zur Geschichte und Natur suchen.\u201c    <\/span>[\/vc_column_text][vc_column_text css=&#8220;.vc_custom_1743521081139{padding-top: 10px !important;padding-right: 30px !important;padding-bottom: 10px !important;padding-left: 30px !important;}&#8220;]<span style=\"font-size: 8pt; font-family: monu; letter-spacing: 1px;\">START VON: <strong>MALGRATE<\/strong><br \/>\nZIELPUNKT: <strong>VARENNA<\/strong><br \/>\nZEIT: <strong>0,3 Std.<\/strong><\/span>[\/vc_column_text][vc_column_text css=&#8220;.vc_custom_1743586345443{padding-top: 10px !important;padding-right: 30px !important;padding-bottom: 10px !important;padding-left: 30px !important;}&#8220;]<a href=\"https:\/\/maps.app.goo.gl\/tKAfbebfRUehTBzg9\" target=\"_blank\" rel=\"noopener\"><span style=\"font-family: nod;\"><span style=\"font-size: 13.3333px;\"><u>Auf der Karte anzeigen<\/u><\/span><\/span><\/a>[\/vc_column_text][vc_empty_space height=&#8220;40px&#8220;][\/vc_column][\/vc_row][vc_row full_width=&#8220;stretch_row_content&#8220; gap=&#8220;120&#8243; equal_height=&#8220;yes&#8220; css_animation=&#8220;fadeIn&#8220; css=&#8220;.vc_custom_1743600772332{padding-top: 66px !important;padding-right: 20px !important;padding-bottom: 66px !important;padding-left: 20px !important;background-image: url(https:\/\/www.visitmalgrate.it\/wp-content\/uploads\/2025\/03\/sinistra.svg?id=277) !important;background-position: center !important;background-repeat: no-repeat !important;background-size: contain !important;}&#8220;][vc_column css_animation=&#8220;fadeInUp&#8220; width=&#8220;1\/2&#8243; css=&#8220;.vc_custom_1741010373390{margin-top: 0px !important;margin-right: 0px !important;margin-bottom: 0px !important;margin-left: 0px !important;border-top-width: 1px !important;border-right-width: 1px !important;border-bottom-width: 1px !important;border-left-width: 1px !important;padding-top: 0px !important;padding-right: 0px !important;padding-bottom: 0px !important;padding-left: 0px !important;border-left-style: solid !important;border-right-style: solid !important;border-top-style: solid !important;border-bottom-style: solid !important;border-color: #000000 !important;}&#8220;][vc_empty_space height=&#8220;60px&#8220;][vc_empty_space height=&#8220;60px&#8220;][vc_column_text css=&#8220;.vc_custom_1752770487921{padding-top: 10px !important;padding-right: 30px !important;padding-bottom: 10px !important;padding-left: 30px !important;}&#8220;]<span style=\"font-family: nod; font-size: 18pt;\"><strong>Bellagio<\/strong>, eingebettet zwischen den Armen des Comer Sees, gilt als eine der faszinierendsten Perlen Italiens. Mit seinen eleganten historischen Villen, terrassenf\u00f6rmigen G\u00e4rten und malerischen Kopfsteinpflastergassen bietet es zu jeder Jahreszeit atemberaubende Panoramen. Die Altstadt mit ihren Caf\u00e9s am Wasser und handwerklichen Boutiquen strahlt eine zeitlose Eleganz aus. Von jeder Ecke aus kann man den See bewundern, der sich in einer spektakul\u00e4ren Aussicht zwischen Bergen und klarem Himmel \u00f6ffnet und Bellagio zu einem einzigartigen Ziel macht, das jeden Besucher verzaubert.   <\/span>[\/vc_column_text][vc_column_text css=&#8220;.vc_custom_1743521089692{padding-top: 10px !important;padding-right: 30px !important;padding-bottom: 10px !important;padding-left: 30px !important;}&#8220;]<span style=\"font-size: 8pt; font-family: monu; letter-spacing: 1px;\">START VON: <strong>MALGRATE<\/strong><br \/>\nZIELPUNKT: <strong>BELLAGIO<\/strong><br \/>\nZEIT: <strong>0,2 Std.<\/strong><\/span>[\/vc_column_text][vc_column_text css=&#8220;.vc_custom_1743586392409{padding-top: 10px !important;padding-right: 30px !important;padding-bottom: 10px !important;padding-left: 30px !important;}&#8220;]<a href=\"https:\/\/maps.app.goo.gl\/9h5RCq7T49r37FGK7\" target=\"_blank\" rel=\"noopener\"><span style=\"font-family: nod;\"><span style=\"font-size: 13.3333px;\"><u>Auf der Karte anzeigen<\/u><\/span><\/span><\/a>[\/vc_column_text][vc_empty_space height=&#8220;40px&#8220;][\/vc_column][vc_column css_animation=&#8220;fadeInUp&#8220; width=&#8220;1\/2&#8243; css=&#8220;.vc_custom_1743586452362{background-image: url(https:\/\/www.visitmalgrate.it\/wp-content\/uploads\/2025\/04\/shutterstock_2272386543-2-scaled-1.jpg?id=554) !important;background-position: center !important;background-repeat: no-repeat !important;background-size: cover !important;}&#8220;][\/vc_column][\/vc_row]<\/p>\n<\/div>","protected":false},"excerpt":{"rendered":"<p>[vc_row full_width=&#8220;stretch_row_content_no_spaces&#8220; full_height=&#8220;yes&#8220; content_placement=&#8220;bottom&#8220; css=&#8220;.vc_custom_1741017424214{background-image: url(https:\/\/www.visitmalgrate.it\/wp-content\/uploads\/2025\/03\/yianni-mathioudakis-gzKf0_sVTxc-unsplash-scaled-tender.jpg?id=326) !important;background-position: center !important;background-repeat: no-repeat !important;background-size: cover !important;}&#8220;][vc_column parallax=&#8220;content-moving-fade&#8220;][vc_empty_space height=&#8220;100px&#8220;][vc_column_text css_animation=&#8220;fadeIn&#8220; css=&#8220;.vc_custom_1743597317472{margin-bottom: 0px !important;padding-top: 10px !important;padding-right: 30px !important;padding-bottom: 0px !important;padding-left: 30px !important;border-color: #000000 !important;}&#8220; el_class=&#8220;titoli_ite&#8220;]&hellip;<\/p>\n","protected":false},"author":1,"featured_media":0,"parent":0,"menu_order":0,"comment_status":"closed","ping_status":"closed","template":"","meta":{"inline_featured_image":false,"footnotes":""},"class_list":["post-1295","page","type-page","status-publish","hentry"],"yoast_head":"<!-- This site is optimized with the Yoast SEO plugin v25.5 - https:\/\/yoast.com\/wordpress\/plugins\/seo\/ -->\n<title>Entdeckung des Sees - Malgrate<\/title>\n<meta name=\"robots\" content=\"index, follow, max-snippet:-1, max-image-preview:large, max-video-preview:-1\" \/>\n<link rel=\"canonical\" href=\"https:\/\/www.visitmalgrate.it\/de\/den-see-entdecken\/\" \/>\n<meta property=\"og:locale\" content=\"de_DE\" \/>\n<meta property=\"og:type\" content=\"article\" \/>\n<meta property=\"og:title\" content=\"Entdeckung des Sees - Malgrate\" \/>\n<meta property=\"og:description\" content=\"[vc_row full_width=&#8220;stretch_row_content_no_spaces&#8220; full_height=&#8220;yes&#8220; content_placement=&#8220;bottom&#8220; css=&#8220;.vc_custom_1741017424214{background-image: url(https:\/\/www.visitmalgrate.it\/wp-content\/uploads\/2025\/03\/yianni-mathioudakis-gzKf0_sVTxc-unsplash-scaled-tender.jpg?id=326) !important;background-position: center !important;background-repeat: no-repeat !important;background-size: cover !important;}&#8220;][vc_column parallax=&#8220;content-moving-fade&#8220;][vc_empty_space height=&#8220;100px&#8220;][vc_column_text css_animation=&#8220;fadeIn&#8220; css=&#8220;.vc_custom_1743597317472{margin-bottom: 0px !important;padding-top: 10px !important;padding-right: 30px !important;padding-bottom: 0px !important;padding-left: 30px !important;border-color: #000000 !important;}&#8220; el_class=&#8220;titoli_ite&#8220;]&hellip;\" \/>\n<meta property=\"og:url\" content=\"https:\/\/www.visitmalgrate.it\/de\/den-see-entdecken\/\" \/>\n<meta property=\"og:site_name\" content=\"Malgrate\" \/>\n<meta property=\"article:publisher\" content=\"https:\/\/www.facebook.com\/comunedimalgrate\" \/>\n<meta property=\"article:modified_time\" content=\"2025-07-17T16:49:25+00:00\" \/>\n<meta name=\"twitter:card\" content=\"summary_large_image\" \/>\n<meta name=\"twitter:label1\" content=\"Gesch\u00e4tzte Lesezeit\" \/>\n\t<meta name=\"twitter:data1\" content=\"7\u00a0Minuten\" \/>\n<script type=\"application\/ld+json\" class=\"yoast-schema-graph\">{\"@context\":\"https:\/\/schema.org\",\"@graph\":[{\"@type\":\"WebPage\",\"@id\":\"https:\/\/www.visitmalgrate.it\/de\/den-see-entdecken\/\",\"url\":\"https:\/\/www.visitmalgrate.it\/de\/den-see-entdecken\/\",\"name\":\"Entdeckung des Sees - Malgrate\",\"isPartOf\":{\"@id\":\"https:\/\/www.visitmalgrate.it\/#website\"},\"primaryImageOfPage\":{\"@id\":\"https:\/\/www.visitmalgrate.it\/de\/den-see-entdecken\/#primaryimage\"},\"image\":{\"@id\":\"https:\/\/www.visitmalgrate.it\/de\/den-see-entdecken\/#primaryimage\"},\"thumbnailUrl\":\"https:\/\/www.visitmalgrate.it\/wp-content\/uploads\/2025\/05\/mappa-1.svg\",\"datePublished\":\"2025-03-03T14:25:25+00:00\",\"dateModified\":\"2025-07-17T16:49:25+00:00\",\"breadcrumb\":{\"@id\":\"https:\/\/www.visitmalgrate.it\/de\/den-see-entdecken\/#breadcrumb\"},\"inLanguage\":\"de\",\"potentialAction\":[{\"@type\":\"ReadAction\",\"target\":[\"https:\/\/www.visitmalgrate.it\/de\/den-see-entdecken\/\"]}]},{\"@type\":\"ImageObject\",\"inLanguage\":\"de\",\"@id\":\"https:\/\/www.visitmalgrate.it\/de\/den-see-entdecken\/#primaryimage\",\"url\":\"https:\/\/www.visitmalgrate.it\/wp-content\/uploads\/2025\/05\/mappa-1.svg\",\"contentUrl\":\"https:\/\/www.visitmalgrate.it\/wp-content\/uploads\/2025\/05\/mappa-1.svg\"},{\"@type\":\"BreadcrumbList\",\"@id\":\"https:\/\/www.visitmalgrate.it\/de\/den-see-entdecken\/#breadcrumb\",\"itemListElement\":[{\"@type\":\"ListItem\",\"position\":1,\"name\":\"Home\",\"item\":\"https:\/\/www.visitmalgrate.it\/de\/video\/\"},{\"@type\":\"ListItem\",\"position\":2,\"name\":\"Entdeckung des Sees\"}]},{\"@type\":\"WebSite\",\"@id\":\"https:\/\/www.visitmalgrate.it\/#website\",\"url\":\"https:\/\/www.visitmalgrate.it\/\",\"name\":\"Visit Malgrate\",\"description\":\"Sul filo dell&#039;acqua\",\"publisher\":{\"@id\":\"https:\/\/www.visitmalgrate.it\/#organization\"},\"potentialAction\":[{\"@type\":\"SearchAction\",\"target\":{\"@type\":\"EntryPoint\",\"urlTemplate\":\"https:\/\/www.visitmalgrate.it\/?s={search_term_string}\"},\"query-input\":{\"@type\":\"PropertyValueSpecification\",\"valueRequired\":true,\"valueName\":\"search_term_string\"}}],\"inLanguage\":\"de\"},{\"@type\":\"Organization\",\"@id\":\"https:\/\/www.visitmalgrate.it\/#organization\",\"name\":\"Comune di Malgrate\",\"url\":\"https:\/\/www.visitmalgrate.it\/\",\"logo\":{\"@type\":\"ImageObject\",\"inLanguage\":\"de\",\"@id\":\"https:\/\/www.visitmalgrate.it\/#\/schema\/logo\/image\/\",\"url\":\"https:\/\/www.visitmalgrate.it\/wp-content\/uploads\/2025\/05\/malgrate.svg\",\"contentUrl\":\"https:\/\/www.visitmalgrate.it\/wp-content\/uploads\/2025\/05\/malgrate.svg\",\"width\":\"1024\",\"height\":\"1024\",\"caption\":\"Comune di Malgrate\"},\"image\":{\"@id\":\"https:\/\/www.visitmalgrate.it\/#\/schema\/logo\/image\/\"},\"sameAs\":[\"https:\/\/www.facebook.com\/comunedimalgrate\"]}]}<\/script>\n<!-- \/ Yoast SEO plugin. -->","yoast_head_json":{"title":"Entdeckung des Sees - Malgrate","robots":{"index":"index","follow":"follow","max-snippet":"max-snippet:-1","max-image-preview":"max-image-preview:large","max-video-preview":"max-video-preview:-1"},"canonical":"https:\/\/www.visitmalgrate.it\/de\/den-see-entdecken\/","og_locale":"de_DE","og_type":"article","og_title":"Entdeckung des Sees - Malgrate","og_description":"[vc_row full_width=&#8220;stretch_row_content_no_spaces&#8220; full_height=&#8220;yes&#8220; content_placement=&#8220;bottom&#8220; css=&#8220;.vc_custom_1741017424214{background-image: url(https:\/\/www.visitmalgrate.it\/wp-content\/uploads\/2025\/03\/yianni-mathioudakis-gzKf0_sVTxc-unsplash-scaled-tender.jpg?id=326) !important;background-position: center !important;background-repeat: no-repeat !important;background-size: cover !important;}&#8220;][vc_column parallax=&#8220;content-moving-fade&#8220;][vc_empty_space height=&#8220;100px&#8220;][vc_column_text css_animation=&#8220;fadeIn&#8220; css=&#8220;.vc_custom_1743597317472{margin-bottom: 0px !important;padding-top: 10px !important;padding-right: 30px !important;padding-bottom: 0px !important;padding-left: 30px !important;border-color: #000000 !important;}&#8220; el_class=&#8220;titoli_ite&#8220;]&hellip;","og_url":"https:\/\/www.visitmalgrate.it\/de\/den-see-entdecken\/","og_site_name":"Malgrate","article_publisher":"https:\/\/www.facebook.com\/comunedimalgrate","article_modified_time":"2025-07-17T16:49:25+00:00","twitter_card":"summary_large_image","twitter_misc":{"Gesch\u00e4tzte Lesezeit":"7\u00a0Minuten"},"schema":{"@context":"https:\/\/schema.org","@graph":[{"@type":"WebPage","@id":"https:\/\/www.visitmalgrate.it\/de\/den-see-entdecken\/","url":"https:\/\/www.visitmalgrate.it\/de\/den-see-entdecken\/","name":"Entdeckung des Sees - Malgrate","isPartOf":{"@id":"https:\/\/www.visitmalgrate.it\/#website"},"primaryImageOfPage":{"@id":"https:\/\/www.visitmalgrate.it\/de\/den-see-entdecken\/#primaryimage"},"image":{"@id":"https:\/\/www.visitmalgrate.it\/de\/den-see-entdecken\/#primaryimage"},"thumbnailUrl":"https:\/\/www.visitmalgrate.it\/wp-content\/uploads\/2025\/05\/mappa-1.svg","datePublished":"2025-03-03T14:25:25+00:00","dateModified":"2025-07-17T16:49:25+00:00","breadcrumb":{"@id":"https:\/\/www.visitmalgrate.it\/de\/den-see-entdecken\/#breadcrumb"},"inLanguage":"de","potentialAction":[{"@type":"ReadAction","target":["https:\/\/www.visitmalgrate.it\/de\/den-see-entdecken\/"]}]},{"@type":"ImageObject","inLanguage":"de","@id":"https:\/\/www.visitmalgrate.it\/de\/den-see-entdecken\/#primaryimage","url":"https:\/\/www.visitmalgrate.it\/wp-content\/uploads\/2025\/05\/mappa-1.svg","contentUrl":"https:\/\/www.visitmalgrate.it\/wp-content\/uploads\/2025\/05\/mappa-1.svg"},{"@type":"BreadcrumbList","@id":"https:\/\/www.visitmalgrate.it\/de\/den-see-entdecken\/#breadcrumb","itemListElement":[{"@type":"ListItem","position":1,"name":"Home","item":"https:\/\/www.visitmalgrate.it\/de\/video\/"},{"@type":"ListItem","position":2,"name":"Entdeckung des Sees"}]},{"@type":"WebSite","@id":"https:\/\/www.visitmalgrate.it\/#website","url":"https:\/\/www.visitmalgrate.it\/","name":"Visit Malgrate","description":"Sul filo dell&#039;acqua","publisher":{"@id":"https:\/\/www.visitmalgrate.it\/#organization"},"potentialAction":[{"@type":"SearchAction","target":{"@type":"EntryPoint","urlTemplate":"https:\/\/www.visitmalgrate.it\/?s={search_term_string}"},"query-input":{"@type":"PropertyValueSpecification","valueRequired":true,"valueName":"search_term_string"}}],"inLanguage":"de"},{"@type":"Organization","@id":"https:\/\/www.visitmalgrate.it\/#organization","name":"Comune di Malgrate","url":"https:\/\/www.visitmalgrate.it\/","logo":{"@type":"ImageObject","inLanguage":"de","@id":"https:\/\/www.visitmalgrate.it\/#\/schema\/logo\/image\/","url":"https:\/\/www.visitmalgrate.it\/wp-content\/uploads\/2025\/05\/malgrate.svg","contentUrl":"https:\/\/www.visitmalgrate.it\/wp-content\/uploads\/2025\/05\/malgrate.svg","width":"1024","height":"1024","caption":"Comune di Malgrate"},"image":{"@id":"https:\/\/www.visitmalgrate.it\/#\/schema\/logo\/image\/"},"sameAs":["https:\/\/www.facebook.com\/comunedimalgrate"]}]}},"_links":{"self":[{"href":"https:\/\/www.visitmalgrate.it\/de\/wp-json\/wp\/v2\/pages\/1295","targetHints":{"allow":["GET"]}}],"collection":[{"href":"https:\/\/www.visitmalgrate.it\/de\/wp-json\/wp\/v2\/pages"}],"about":[{"href":"https:\/\/www.visitmalgrate.it\/de\/wp-json\/wp\/v2\/types\/page"}],"author":[{"embeddable":true,"href":"https:\/\/www.visitmalgrate.it\/de\/wp-json\/wp\/v2\/users\/1"}],"replies":[{"embeddable":true,"href":"https:\/\/www.visitmalgrate.it\/de\/wp-json\/wp\/v2\/comments?post=1295"}],"version-history":[{"count":15,"href":"https:\/\/www.visitmalgrate.it\/de\/wp-json\/wp\/v2\/pages\/1295\/revisions"}],"predecessor-version":[{"id":2217,"href":"https:\/\/www.visitmalgrate.it\/de\/wp-json\/wp\/v2\/pages\/1295\/revisions\/2217"}],"wp:attachment":[{"href":"https:\/\/www.visitmalgrate.it\/de\/wp-json\/wp\/v2\/media?parent=1295"}],"curies":[{"name":"wp","href":"https:\/\/api.w.org\/{rel}","templated":true}]}}